{"id":340,"date":"2016-11-11T16:16:06","date_gmt":"2016-11-11T15:16:06","guid":{"rendered":"http:\/\/tflinc.ca\/?page_id=340"},"modified":"2017-02-27T12:56:35","modified_gmt":"2017-02-27T11:56:35","slug":"revetement-specialise","status":"publish","type":"page","link":"https:\/\/tflinc.ca\/index.php\/revetement-specialise\/","title":{"rendered":"Rev\u00eatement sp\u00e9cialis\u00e9"},"content":{"rendered":"<div data-section=\"text\/2.html\">\n<section class=\"section-area\">\n<div class=\"container\">\n<div class=\"row scrollr\">\n<div class=\"col-xs-12\">\n<h2 class=\"title-btn ui-title-block\">\n                       <a href=\"#8cf3M\" class=\"title-btn__inner js-scroll\">Rev\u00eatement sp\u00e9cialis\u00e9<\/a><br \/>\n                       <button type=\"button\" data-toggle=\"collapse\" data-target=\"#8cf3M\" class=\"title-btn__btn\"><br \/>\n                           <span class=\"icon fa fa-caret-down\"><\/span><br \/>\n                       <\/button><br \/>\n                   <\/h2>\n<div id=\"8cf3M\" class=\"container collapse in\">\n<div class=\"table-row\">\n<div class=\"col-md-6 bg-light table-cell\">\n<div class=\"col-md-8 col-md-offset-2\">\n<section class=\"section-default\">\n<h3 class=\"ui-title-block color-dark\">Rev\u00eatements sp\u00e9cialis\u00e9s<\/h3>\n<div class=\"color-grey\">\n<p>Le vaste choix de nos rev\u00eatements sp\u00e9cialis\u00e9s se distingue par la polyvalence et l\u2019attention irr\u00e9prochable que nous portons au d\u00e9tail. D\u00e8s le premier coup d\u2019\u0153il, les pierres, bardeaux de fente et festons cr\u00e9eront \u00e0 coup sur, un ext\u00e9rieur tr\u00e8s accueillant. La beaut\u00e9 naturelle se mari au c\u00f4t\u00e9 pratique moderne et \u00e0 un entretien facile. Traitement fenetres Laval vous proposent des fournisseurs qui sont chefs de file dans l\u2019industrie afin de vous offrir la meilleure s\u00e9lection et le meilleur rapport qualit\u00e9\/prix de rev\u00eatement sp\u00e9cialis\u00e9 qui soit.<\/p>\n<p>Le rev\u00eatement sp\u00e9cialis\u00e9 offre le charme du c\u00e8dre, la chaleur des bardeaux de fente et la beaut\u00e9 rustique de la pierre. Sa fabrication sup\u00e9rieure en PVC lui conf\u00e8re beaut\u00e9 sans toutefois n\u00e9cessiter d&#8217;entretien pour toutes fins pratiques. Le rev\u00eatement The Foundry est offert dans la plupart des couleurs populaires de rev\u00eatement Gentek.<\/p>\n<\/p><\/div>\n<\/section><\/div>\n<\/p><\/div>\n<div class=\"col-md-6 bg_mod-c table-cell\">\n<div class=\"col-md-8 col-md-offset-2\">\n<section class=\"section-default\">\n<h3 class=\"ui-title-block color-dark\">Rev\u00eatement sp\u00e9cialis\u00e9 Canexel<\/h3>\n<div class=\"color-grey\">\n<p>Le rev\u00eatement sp\u00e9cialis\u00e9 de canexel ressemble v\u00e9ritablement au bois naturel ce qui en fait un excellent choix pour les amateurs de bois d\u00e9sirant aucun entretien.<\/p>\n<\/p><\/div>\n<\/section><\/div>\n<\/p><\/div>\n<\/p><\/div>\n<\/p><\/div>\n<\/p><\/div>\n<\/p><\/div>\n<\/p><\/div>\n<\/section>\n<\/div>\n<div data-section=\"text\/1.html\">\n<div class=\"container\">\n<section class=\"section_mod-b block-2-col bg-light\">\n<div class=\"row scrollr\">\n<div class=\"col-xs-12\">\n               <\/div>\n<div class=\"col-md-8 col-md-offset-2 col-sm-10 col-sm-offset-1\">\n<div class=\"block-2-col__inner\">\n                       <iframe style=\"width:100%\" height=\"315\" src=\"https:\/\/www.youtube.com\/embed\/aWG1dgLjM5c?rel=0\" frameborder=\"0\" allowfullscreen><\/iframe><br \/>\n                       <iframe style=\"width:100%\" height=\"315\" src=\"https:\/\/www.youtube.com\/embed\/u4MFuMMWje8?rel=0\" frameborder=\"0\" allowfullscreen><\/iframe>\n                   <\/div>\n<div class=\"block-2-col__inner\">\n<h3 class=\"ui-title-block color-dark\">Autre services offerts avec le rev\u00eatement des fen\u00eatres<\/h3>\n<ul>\n<li>Remplacement de (vitres) thermos bu\u00e9es ou cass\u00e9e par un monteur m\u00e9canicien vitrier<\/li>\n<li>Remplacement de bois pourri et abim\u00e9<\/li>\n<li>Changement des manivelles et m\u00e9canismes d\u00e9fectueux, remplacement de coupe-froids<\/li>\n<li>Rev\u00eatement ext\u00e9rieur ; Aluminium, Canexel, Acier<\/li>\n<\/ul><\/div>\n<\/p><\/div>\n<\/p><\/div>\n<\/section><\/div>\n<\/div>\n<div data-section=\"form\/3.html\">\n<div class=\"container\">\n<div class=\"bg_mod-d\">\n<div class=\"row\">\n<div class=\"col-md-6\">\n<section id=\"ChP8g\" class=\"section-default block-padd-14\">\n<h2 class=\"ui-title-block_w-border\">Estimation gratuite pour votre rev\u00eatement sp\u00e9cialis\u00e9<\/h2>\n<\/p>\n<p>                       \n<div class=\"wpcf7 no-js\" id=\"wpcf7-f476-o1\" lang=\"fr-FR\" dir=\"ltr\" data-wpcf7-id=\"476\">\n<div class=\"screen-reader-response\"><p role=\"status\" aria-live=\"polite\" aria-atomic=\"true\"><\/p> <ul><\/ul><\/div>\n<form action=\"\/index.php\/wp-json\/wp\/v2\/pages\/340#wpcf7-f476-o1\" method=\"post\" class=\"wpcf7-form init\" aria-label=\"Formulaire de contact\" novalidate=\"novalidate\" data-status=\"init\">\n<fieldset class=\"hidden-fields-container\"><input type=\"hidden\" name=\"_wpcf7\" value=\"476\" \/><input type=\"hidden\" name=\"_wpcf7_version\" value=\"6.1.5\" \/><input type=\"hidden\" name=\"_wpcf7_locale\" value=\"fr_FR\" \/><input type=\"hidden\" name=\"_wpcf7_unit_tag\" value=\"wpcf7-f476-o1\" \/><input type=\"hidden\" name=\"_wpcf7_container_post\" value=\"0\" \/><input type=\"hidden\" name=\"_wpcf7_posted_data_hash\" value=\"\" \/><input type=\"hidden\" name=\"_wpcf7dtx_version\" value=\"5.0.5\" \/><input type=\"hidden\" name=\"_wpcf7_recaptcha_response\" value=\"\" \/>\n<\/fieldset>\n<div class=\"input-with-icon\">\n\t<p><i class=\"wp-svg-users-2 users-2\"><\/i><span class=\"wpcf7-form-control-wrap\" data-name=\"nom\"><input size=\"40\" maxlength=\"400\" class=\"wpcf7-form-control wpcf7-text wpcf7-validates-as-required form-accueil-2\" aria-required=\"true\" aria-invalid=\"false\" placeholder=\"Nom *\" value=\"\" type=\"text\" name=\"nom\" \/><\/span>\n\t<\/p>\n<\/div>\n<div class=\"input-with-icon\">\n\t<p><i class=\"wp-svg-mail-2 mail-2\"><\/i><span class=\"wpcf7-form-control-wrap\" data-name=\"courriel\"><input size=\"40\" maxlength=\"400\" class=\"wpcf7-form-control wpcf7-email wpcf7-validates-as-required wpcf7-text wpcf7-validates-as-email form-accueil-2\" aria-required=\"true\" aria-invalid=\"false\" placeholder=\"Courriel *\" value=\"\" type=\"email\" name=\"courriel\" \/><\/span>\n\t<\/p>\n<\/div>\n<div class=\"input-with-icon\">\n\t<p><i class=\"wp-svg-phone phone\"><\/i><span class=\"wpcf7-form-control-wrap\" data-name=\"tel\"><input size=\"40\" maxlength=\"400\" class=\"wpcf7-form-control wpcf7-tel wpcf7-text wpcf7-validates-as-tel form-accueil-2\" aria-invalid=\"false\" placeholder=\"T\u00e9l\u00e9phone\" value=\"\" type=\"tel\" name=\"tel\" \/><\/span>\n\t<\/p>\n<\/div>\n<p>\n\t<center><input class=\"wpcf7-form-control wpcf7-submit has-spinner btn btn-primary btn-effect form-div-btn\" type=\"submit\" value=\"ENVOYER\" \/>\n\t<\/center>\n<\/p><div class=\"wpcf7-response-output\" aria-hidden=\"true\"><\/div>\n<\/form>\n<\/div>\n<br \/>\n                   <\/section>\n<\/p><\/div>\n<div class=\"col-md-6\">\n<div class=\"wrap-text\">\n                       <img decoding=\"async\" src=\"https:\/\/tflinc.ca\/wp-content\/themes\/prometheus\/prometheus\/azh\/prometheus\/assets\/media\/content\/840x840\/3.jpg\" alt=\"foto\" class=\"img-full\">\n                   <\/div>\n<\/p><\/div>\n<\/p><\/div>\n<\/p><\/div>\n<\/p><\/div>\n<\/div>\n","protected":false},"excerpt":{"rendered":"<p>Rev\u00eatement sp\u00e9cialis\u00e9 Rev\u00eatements sp\u00e9cialis\u00e9s Le vaste choix de nos rev\u00eatements sp\u00e9cialis\u00e9s se distingue par la polyvalence et l\u2019attention irr\u00e9prochable que nous portons au d\u00e9tail. D\u00e8s le premier coup d\u2019\u0153il, les pierres, bardeaux de fente et festons cr\u00e9eront \u00e0 coup sur, un ext\u00e9rieur tr\u00e8s accueillant. La beaut\u00e9 naturelle se mari au c\u00f4t\u00e9 pratique moderne et \u00e0 [&hellip;]<\/p>\n","protected":false},"author":1,"featured_media":817,"parent":0,"menu_order":0,"comment_status":"closed","ping_status":"closed","template":"page-templates\/without-container.php","meta":{"_custom_body_class":"azh","_custom_post_class":"","footnotes":""},"class_list":["post-340","page","type-page","status-publish","has-post-thumbnail","hentry"],"yoast_head":"<!-- This site is optimized with the Yoast SEO plugin v27.3 - https:\/\/yoast.com\/product\/yoast-seo-wordpress\/ -->\n<title>Rev\u00eatement Sp\u00e9cialis\u00e9 - Traitement Fen\u00eatres Laval<\/title>\n<meta name=\"description\" content=\"Le vaste choix de nos rev\u00eatements sp\u00e9cialis\u00e9s se distingue par la polyvalence et l\u2019attention irr\u00e9prochable que nous portons au d\u00e9tail. Au premier coup d\u2019\u0153il, les pierres, bardeaux de fente et festons cr\u00e9eront \u00e0 coup sur, un ext\u00e9rieur tr\u00e8s accueillant.\" \/>\n<meta name=\"robots\" content=\"index, follow, max-snippet:-1, max-image-preview:large, max-video-preview:-1\" \/>\n<link rel=\"canonical\" href=\"https:\/\/tflinc.ca\/index.php\/revetement-specialise\/\" \/>\n<meta property=\"og:locale\" content=\"fr_FR\" \/>\n<meta property=\"og:type\" content=\"article\" \/>\n<meta property=\"og:title\" content=\"Rev\u00eatement Sp\u00e9cialis\u00e9 - Traitement Fen\u00eatres Laval\" \/>\n<meta property=\"og:description\" content=\"Le vaste choix de nos rev\u00eatements sp\u00e9cialis\u00e9s se distingue par la polyvalence et l\u2019attention irr\u00e9prochable que nous portons au d\u00e9tail. Au premier coup d\u2019\u0153il, les pierres, bardeaux de fente et festons cr\u00e9eront \u00e0 coup sur, un ext\u00e9rieur tr\u00e8s accueillant.\" \/>\n<meta property=\"og:url\" content=\"https:\/\/tflinc.ca\/index.php\/revetement-specialise\/\" \/>\n<meta property=\"og:site_name\" content=\"Traitement Fen\u00eatres Laval\" \/>\n<meta property=\"article:modified_time\" content=\"2017-02-27T11:56:35+00:00\" \/>\n<meta property=\"og:image\" content=\"https:\/\/tflinc.ca\/wp-content\/uploads\/2016\/11\/revetement-slide.jpg\" \/>\n\t<meta property=\"og:image:width\" content=\"1920\" \/>\n\t<meta property=\"og:image:height\" content=\"1280\" \/>\n\t<meta property=\"og:image:type\" content=\"image\/jpeg\" \/>\n<meta name=\"twitter:card\" content=\"summary_large_image\" \/>\n<meta name=\"twitter:label1\" content=\"Dur\u00e9e de lecture estim\u00e9e\" \/>\n\t<meta name=\"twitter:data1\" content=\"1 minute\" \/>\n<script type=\"application\/ld+json\" class=\"yoast-schema-graph\">{\"@context\":\"https:\\\/\\\/schema.org\",\"@graph\":[{\"@type\":\"WebPage\",\"@id\":\"https:\\\/\\\/tflinc.ca\\\/index.php\\\/revetement-specialise\\\/\",\"url\":\"https:\\\/\\\/tflinc.ca\\\/index.php\\\/revetement-specialise\\\/\",\"name\":\"Rev\u00eatement Sp\u00e9cialis\u00e9 - Traitement Fen\u00eatres Laval\",\"isPartOf\":{\"@id\":\"https:\\\/\\\/tflinc.ca\\\/#website\"},\"primaryImageOfPage\":{\"@id\":\"https:\\\/\\\/tflinc.ca\\\/index.php\\\/revetement-specialise\\\/#primaryimage\"},\"image\":{\"@id\":\"https:\\\/\\\/tflinc.ca\\\/index.php\\\/revetement-specialise\\\/#primaryimage\"},\"thumbnailUrl\":\"https:\\\/\\\/tflinc.ca\\\/wp-content\\\/uploads\\\/2016\\\/11\\\/revetement-slide.jpg\",\"datePublished\":\"2016-11-11T15:16:06+00:00\",\"dateModified\":\"2017-02-27T11:56:35+00:00\",\"description\":\"Le vaste choix de nos rev\u00eatements sp\u00e9cialis\u00e9s se distingue par la polyvalence et l\u2019attention irr\u00e9prochable que nous portons au d\u00e9tail. Au premier coup d\u2019\u0153il, les pierres, bardeaux de fente et festons cr\u00e9eront \u00e0 coup sur, un ext\u00e9rieur tr\u00e8s accueillant.\",\"breadcrumb\":{\"@id\":\"https:\\\/\\\/tflinc.ca\\\/index.php\\\/revetement-specialise\\\/#breadcrumb\"},\"inLanguage\":\"fr-FR\",\"potentialAction\":[{\"@type\":\"ReadAction\",\"target\":[\"https:\\\/\\\/tflinc.ca\\\/index.php\\\/revetement-specialise\\\/\"]}]},{\"@type\":\"ImageObject\",\"inLanguage\":\"fr-FR\",\"@id\":\"https:\\\/\\\/tflinc.ca\\\/index.php\\\/revetement-specialise\\\/#primaryimage\",\"url\":\"https:\\\/\\\/tflinc.ca\\\/wp-content\\\/uploads\\\/2016\\\/11\\\/revetement-slide.jpg\",\"contentUrl\":\"https:\\\/\\\/tflinc.ca\\\/wp-content\\\/uploads\\\/2016\\\/11\\\/revetement-slide.jpg\",\"width\":1920,\"height\":1280,\"caption\":\"A row of newly-built houses in a residential subdivision.\"},{\"@type\":\"BreadcrumbList\",\"@id\":\"https:\\\/\\\/tflinc.ca\\\/index.php\\\/revetement-specialise\\\/#breadcrumb\",\"itemListElement\":[{\"@type\":\"ListItem\",\"position\":1,\"name\":\"Accueil\",\"item\":\"https:\\\/\\\/tflinc.ca\\\/\"},{\"@type\":\"ListItem\",\"position\":2,\"name\":\"Rev\u00eatement sp\u00e9cialis\u00e9\"}]},{\"@type\":\"WebSite\",\"@id\":\"https:\\\/\\\/tflinc.ca\\\/#website\",\"url\":\"https:\\\/\\\/tflinc.ca\\\/\",\"name\":\"Traitement Fen\u00eatres Laval\",\"description\":\"\",\"potentialAction\":[{\"@type\":\"SearchAction\",\"target\":{\"@type\":\"EntryPoint\",\"urlTemplate\":\"https:\\\/\\\/tflinc.ca\\\/?s={search_term_string}\"},\"query-input\":{\"@type\":\"PropertyValueSpecification\",\"valueRequired\":true,\"valueName\":\"search_term_string\"}}],\"inLanguage\":\"fr-FR\"}]}<\/script>\n<!-- \/ Yoast SEO plugin. -->","yoast_head_json":{"title":"Rev\u00eatement Sp\u00e9cialis\u00e9 - Traitement Fen\u00eatres Laval","description":"Le vaste choix de nos rev\u00eatements sp\u00e9cialis\u00e9s se distingue par la polyvalence et l\u2019attention irr\u00e9prochable que nous portons au d\u00e9tail. Au premier coup d\u2019\u0153il, les pierres, bardeaux de fente et festons cr\u00e9eront \u00e0 coup sur, un ext\u00e9rieur tr\u00e8s accueillant.","robots":{"index":"index","follow":"follow","max-snippet":"max-snippet:-1","max-image-preview":"max-image-preview:large","max-video-preview":"max-video-preview:-1"},"canonical":"https:\/\/tflinc.ca\/index.php\/revetement-specialise\/","og_locale":"fr_FR","og_type":"article","og_title":"Rev\u00eatement Sp\u00e9cialis\u00e9 - Traitement Fen\u00eatres Laval","og_description":"Le vaste choix de nos rev\u00eatements sp\u00e9cialis\u00e9s se distingue par la polyvalence et l\u2019attention irr\u00e9prochable que nous portons au d\u00e9tail. Au premier coup d\u2019\u0153il, les pierres, bardeaux de fente et festons cr\u00e9eront \u00e0 coup sur, un ext\u00e9rieur tr\u00e8s accueillant.","og_url":"https:\/\/tflinc.ca\/index.php\/revetement-specialise\/","og_site_name":"Traitement Fen\u00eatres Laval","article_modified_time":"2017-02-27T11:56:35+00:00","og_image":[{"width":1920,"height":1280,"url":"https:\/\/tflinc.ca\/wp-content\/uploads\/2016\/11\/revetement-slide.jpg","type":"image\/jpeg"}],"twitter_card":"summary_large_image","twitter_misc":{"Dur\u00e9e de lecture estim\u00e9e":"1 minute"},"schema":{"@context":"https:\/\/schema.org","@graph":[{"@type":"WebPage","@id":"https:\/\/tflinc.ca\/index.php\/revetement-specialise\/","url":"https:\/\/tflinc.ca\/index.php\/revetement-specialise\/","name":"Rev\u00eatement Sp\u00e9cialis\u00e9 - Traitement Fen\u00eatres Laval","isPartOf":{"@id":"https:\/\/tflinc.ca\/#website"},"primaryImageOfPage":{"@id":"https:\/\/tflinc.ca\/index.php\/revetement-specialise\/#primaryimage"},"image":{"@id":"https:\/\/tflinc.ca\/index.php\/revetement-specialise\/#primaryimage"},"thumbnailUrl":"https:\/\/tflinc.ca\/wp-content\/uploads\/2016\/11\/revetement-slide.jpg","datePublished":"2016-11-11T15:16:06+00:00","dateModified":"2017-02-27T11:56:35+00:00","description":"Le vaste choix de nos rev\u00eatements sp\u00e9cialis\u00e9s se distingue par la polyvalence et l\u2019attention irr\u00e9prochable que nous portons au d\u00e9tail. Au premier coup d\u2019\u0153il, les pierres, bardeaux de fente et festons cr\u00e9eront \u00e0 coup sur, un ext\u00e9rieur tr\u00e8s accueillant.","breadcrumb":{"@id":"https:\/\/tflinc.ca\/index.php\/revetement-specialise\/#breadcrumb"},"inLanguage":"fr-FR","potentialAction":[{"@type":"ReadAction","target":["https:\/\/tflinc.ca\/index.php\/revetement-specialise\/"]}]},{"@type":"ImageObject","inLanguage":"fr-FR","@id":"https:\/\/tflinc.ca\/index.php\/revetement-specialise\/#primaryimage","url":"https:\/\/tflinc.ca\/wp-content\/uploads\/2016\/11\/revetement-slide.jpg","contentUrl":"https:\/\/tflinc.ca\/wp-content\/uploads\/2016\/11\/revetement-slide.jpg","width":1920,"height":1280,"caption":"A row of newly-built houses in a residential subdivision."},{"@type":"BreadcrumbList","@id":"https:\/\/tflinc.ca\/index.php\/revetement-specialise\/#breadcrumb","itemListElement":[{"@type":"ListItem","position":1,"name":"Accueil","item":"https:\/\/tflinc.ca\/"},{"@type":"ListItem","position":2,"name":"Rev\u00eatement sp\u00e9cialis\u00e9"}]},{"@type":"WebSite","@id":"https:\/\/tflinc.ca\/#website","url":"https:\/\/tflinc.ca\/","name":"Traitement Fen\u00eatres Laval","description":"","potentialAction":[{"@type":"SearchAction","target":{"@type":"EntryPoint","urlTemplate":"https:\/\/tflinc.ca\/?s={search_term_string}"},"query-input":{"@type":"PropertyValueSpecification","valueRequired":true,"valueName":"search_term_string"}}],"inLanguage":"fr-FR"}]}},"_links":{"self":[{"href":"https:\/\/tflinc.ca\/index.php\/wp-json\/wp\/v2\/pages\/340","targetHints":{"allow":["GET"]}}],"collection":[{"href":"https:\/\/tflinc.ca\/index.php\/wp-json\/wp\/v2\/pages"}],"about":[{"href":"https:\/\/tflinc.ca\/index.php\/wp-json\/wp\/v2\/types\/page"}],"author":[{"embeddable":true,"href":"https:\/\/tflinc.ca\/index.php\/wp-json\/wp\/v2\/users\/1"}],"replies":[{"embeddable":true,"href":"https:\/\/tflinc.ca\/index.php\/wp-json\/wp\/v2\/comments?post=340"}],"version-history":[{"count":12,"href":"https:\/\/tflinc.ca\/index.php\/wp-json\/wp\/v2\/pages\/340\/revisions"}],"predecessor-version":[{"id":1011,"href":"https:\/\/tflinc.ca\/index.php\/wp-json\/wp\/v2\/pages\/340\/revisions\/1011"}],"wp:featuredmedia":[{"embeddable":true,"href":"https:\/\/tflinc.ca\/index.php\/wp-json\/wp\/v2\/media\/817"}],"wp:attachment":[{"href":"https:\/\/tflinc.ca\/index.php\/wp-json\/wp\/v2\/media?parent=340"}],"curies":[{"name":"wp","href":"https:\/\/api.w.org\/{rel}","templated":true}]}}